{"id":648,"date":"2021-07-14T20:36:49","date_gmt":"2021-07-14T19:36:49","guid":{"rendered":"https:\/\/memmingen-live.de\/?page_id=648"},"modified":"2026-02-02T20:51:52","modified_gmt":"2026-02-02T19:51:52","slug":"mitarbeiter","status":"publish","type":"page","link":"https:\/\/kinderschutzbund-memmingen-unterallgaeu.de\/index.php\/mitarbeiter\/","title":{"rendered":"Mitarbeiter"},"content":{"rendered":"\n<h1 class=\"wp-block-heading\">Unsere Gesch\u00e4ftsstelle<\/h1>\n\n\n\n<p>Damit Sie auch wissen, mit wem Sie es beim Kreisverband Memmingen zu tun haben, m\u00f6chten wir Ihnen unsere Mitarbeiterinnen vorstellen.<\/p>\n\n\n\n<h1 class=\"wp-block-heading\">Mitarbeiterinnen der Gesch\u00e4ftsstelle<\/h1>\n\n\n\n<figure class=\"wp-block-image size-large\"><img loading=\"lazy\" decoding=\"async\" width=\"1024\" height=\"851\" src=\"https:\/\/kinderschutzbund-memmingen-unterallgaeu.de\/wp-content\/uploads\/2026\/02\/image-1024x851.png\" alt=\"\" class=\"wp-image-1220\" srcset=\"https:\/\/kinderschutzbund-memmingen-unterallgaeu.de\/wp-content\/uploads\/2026\/02\/image-1024x851.png 1024w, https:\/\/kinderschutzbund-memmingen-unterallgaeu.de\/wp-content\/uploads\/2026\/02\/image-300x249.png 300w, https:\/\/kinderschutzbund-memmingen-unterallgaeu.de\/wp-content\/uploads\/2026\/02\/image-768x638.png 768w, https:\/\/kinderschutzbund-memmingen-unterallgaeu.de\/wp-content\/uploads\/2026\/02\/image.png 1230w\" sizes=\"auto, (max-width: 1024px) 100vw, 1024px\" \/><\/figure>\n","protected":false},"excerpt":{"rendered":"<p>Unsere Gesch\u00e4ftsstelle Damit Sie auch wissen, mit wem Sie es beim Kreisverband Memmingen zu tun haben, m\u00f6chten wir Ihnen unsere Mitarbeiterinnen vorstellen. Mitarbeiterinnen der Gesch\u00e4ftsstelle<\/p>\n","protected":false},"author":3,"featured_media":0,"parent":0,"menu_order":0,"comment_status":"closed","ping_status":"closed","template":"","meta":{"footnotes":""},"class_list":["post-648","page","type-page","status-publish","hentry"],"_links":{"self":[{"href":"https:\/\/kinderschutzbund-memmingen-unterallgaeu.de\/index.php\/wp-json\/wp\/v2\/pages\/648","targetHints":{"allow":["GET"]}}],"collection":[{"href":"https:\/\/kinderschutzbund-memmingen-unterallgaeu.de\/index.php\/wp-json\/wp\/v2\/pages"}],"about":[{"href":"https:\/\/kinderschutzbund-memmingen-unterallgaeu.de\/index.php\/wp-json\/wp\/v2\/types\/page"}],"author":[{"embeddable":true,"href":"https:\/\/kinderschutzbund-memmingen-unterallgaeu.de\/index.php\/wp-json\/wp\/v2\/users\/3"}],"replies":[{"embeddable":true,"href":"https:\/\/kinderschutzbund-memmingen-unterallgaeu.de\/index.php\/wp-json\/wp\/v2\/comments?post=648"}],"version-history":[{"count":2,"href":"https:\/\/kinderschutzbund-memmingen-unterallgaeu.de\/index.php\/wp-json\/wp\/v2\/pages\/648\/revisions"}],"predecessor-version":[{"id":1221,"href":"https:\/\/kinderschutzbund-memmingen-unterallgaeu.de\/index.php\/wp-json\/wp\/v2\/pages\/648\/revisions\/1221"}],"wp:attachment":[{"href":"https:\/\/kinderschutzbund-memmingen-unterallgaeu.de\/index.php\/wp-json\/wp\/v2\/media?parent=648"}],"curies":[{"name":"wp","href":"https:\/\/api.w.org\/{rel}","templated":true}]}}